{"id":824,"date":"2019-06-06T16:10:27","date_gmt":"2019-06-06T14:10:27","guid":{"rendered":"http:\/\/www.premiostrega.it\/PSR\/?page_id=824"},"modified":"2026-04-21T16:13:35","modified_gmt":"2026-04-21T14:13:35","slug":"editori","status":"publish","type":"page","link":"https:\/\/www.premiostrega.it\/PSR\/editori\/","title":{"rendered":"Editori"},"content":{"rendered":"\t\t<div data-elementor-type=\"wp-page\" data-elementor-id=\"824\" class=\"elementor elementor-824\" data-elementor-post-type=\"page\">\n\t\t\t\t\t\t<section class=\"elementor-section elementor-top-section elementor-element elementor-element-127fac8 contenuto-articolo elementor-section-boxed elementor-section-height-default elementor-section-height-default\" data-id=\"127fac8\" data-element_type=\"section\" data-e-type=\"section\">\n\t\t\t\t\t\t<div class=\"elementor-container elementor-column-gap-default\">\n\t\t\t\t\t<div class=\"elementor-column elementor-col-100 elementor-top-column elementor-element elementor-element-ab3e75e\" data-id=\"ab3e75e\" data-element_type=\"column\" data-e-type=\"column\">\n\t\t\t<div class=\"elementor-widget-wrap elementor-element-populated\">\n\t\t\t\t\t\t<div class=\"elementor-element elementor-element-dc1b7df testo elementor-widget elementor-widget-text-editor\" data-id=\"dc1b7df\" data-element_type=\"widget\" data-e-type=\"widget\" data-widget_type=\"text-editor.default\">\n\t\t\t\t\t\t\t\t\t<p><strong>P<\/strong><strong>remio Strega Ragazze e Ragazzi. <\/strong><strong>B<\/strong><strong>a<\/strong><strong>ndo della decima edizione<\/strong><\/p>\t\t\t\t\t\t\t\t<\/div>\n\t\t\t\t<div class=\"elementor-element elementor-element-acdac00 testo elementor-widget elementor-widget-text-editor\" data-id=\"acdac00\" data-element_type=\"widget\" data-e-type=\"widget\" data-widget_type=\"text-editor.default\">\n\t\t\t\t\t\t\t\t\t<p><strong>1<\/strong><strong>) <\/strong>Il Comitato promotore \u2013 composto da Fondazione Maria e Goffredo Bellonci, Strega Alberti Benevento SpA, Centro per il libro e la lettura e BolognaFiere SpA \u2013 bandisce la decima edizione del concorso letterario Premio Strega Ragazze e Ragazzi.<\/p>\t\t\t\t\t\t\t\t<\/div>\n\t\t\t\t<div class=\"elementor-element elementor-element-ada893f testo elementor-widget elementor-widget-text-editor\" data-id=\"ada893f\" data-element_type=\"widget\" data-e-type=\"widget\" data-widget_type=\"text-editor.default\">\n\t\t\t\t\t\t\t\t\t<p><strong>2<\/strong><strong>) <\/strong>Sono istituite le seguenti <strong>categorie di concorso<\/strong>:<\/p><ul><li><strong>6<\/strong><strong>+<\/strong>, per libri di narrativa destinati a lettrici e lettori dai 6 ai 7 anni;<\/li><li><strong>8<\/strong><strong>+<\/strong>, per libri di narrativa destinati a lettrici e lettori dagli 8 ai 10 anni;<\/li><li><strong>11<\/strong><strong>+<\/strong>, per libri di narrativa destinati a lettrici e lettori dagli 11 ai 13 anni;<\/li><li>per <strong>i<\/strong><strong>l Migliore libro d\u2019esordio <\/strong>selezionato fra quelli in concorso nelle categorie 6+, 8+, 11+; si intende qui per libro di esordio l\u2019opera prima, senza distinzione di genere letterario, di un esordiente assoluto (che cio\u00e8, al momento dell\u2019iscrizione, abbia all\u2019attivo un solo libro pubblicato);<\/li><li>per <strong>l<\/strong><strong>a Migliore narrazione per immagini <\/strong>(graphic novel, fumetti, albi illustrati, libri senza parole) destinata alle stesse fasce di lettori, <strong>dai 6 ai 13 anni<\/strong>.<\/li><\/ul>\t\t\t\t\t\t\t\t<\/div>\n\t\t\t\t<div class=\"elementor-element elementor-element-8fb14fb testo elementor-widget elementor-widget-text-editor\" data-id=\"8fb14fb\" data-element_type=\"widget\" data-e-type=\"widget\" data-widget_type=\"text-editor.default\">\n\t\t\t\t\t\t\t\t\t<p><strong>3<\/strong><strong>) <\/strong>Gli editori che intendono concorrere possono candidare, con il consenso degli autori, libri di narrativa e libri illustrati, anche in traduzione, pubblicati in Italia in prima edizione tra <strong>il 1\u00b0 aprile 2024 e il 31 marzo 2025<\/strong>.<\/p><p>Ogni casa editrice pu\u00f2 partecipare a una o, con opere diverse, a pi\u00f9 categorie di concorso, candidando <strong>un massimo di 4 (quattro) titoli<\/strong>: uno per ciascuna delle categorie 6+, 8+, 11+, incluso l\u2019eventuale libro d\u2019esordio, pi\u00f9 il libro illustrato. <strong>Sar\u00e0 possibile proporre un solo titolo per categoria.<\/strong><\/p><p>Sono ammesse a partecipare esclusivamente opere di autori viventi al momento della pubblicazione. Non sono ammessi libri in ristampa, riedizioni, libri elettronici e autopubblicazioni. I libri di narrativa per immagini (graphic novel, fumetti, albi illustrati, libri senza parole) possono essere candidati esclusivamente nella categoria dedicata.<\/p>\t\t\t\t\t\t\t\t<\/div>\n\t\t\t\t<div class=\"elementor-element elementor-element-5b9e86c testo elementor-widget elementor-widget-text-editor\" data-id=\"5b9e86c\" data-element_type=\"widget\" data-e-type=\"widget\" data-widget_type=\"text-editor.default\">\n\t\t\t\t\t\t\t\t\t<p><strong>4<\/strong><strong>) <\/strong>L\u2019iscrizione comporta la compilazione del modulo online reperibile sul sito <a href=\"http:\/\/www.premiostrega.it\/PSR\">www.premiostrega.it\/PSR. <\/a>\u00c8 richiesto di indicare la categoria di concorso a cui si intende candidare ciascuna opera proposta. Il termine di scadenza per l\u2019invio del modulo online e degli allegati richiesti \u00e8 il <strong>28 febbraio 2025<\/strong>.<\/p>\t\t\t\t\t\t\t\t<\/div>\n\t\t\t\t<div class=\"elementor-element elementor-element-58e14d6 testo elementor-widget elementor-widget-text-editor\" data-id=\"58e14d6\" data-element_type=\"widget\" data-e-type=\"widget\" data-widget_type=\"text-editor.default\">\n\t\t\t\t\t\t\t\t\t<p><strong>5<\/strong><strong>) <\/strong>A iscrizione avvenuta, la segreteria del Premio invier\u00e0 a ogni editore gli indirizzi dei membri del Comitato scientifico ai quali spedire le opere candidate. In caso di candidatura di opere con uscita successiva al 28 febbraio, ma programmata entro il 31 marzo 2025, i testi dovranno essere inviati in bozze. <strong>Sar\u00e0 comunque necessario inviare successivamente anche le copie cartacee.<\/strong><\/p><p>Dovranno inoltre pervenire con le stesse modalit\u00e0 <strong>4 (quattro) copie <\/strong>delle stesse opere all\u2019indirizzo della <strong>Fondazione Maria e Goffredo Bellonci, via Fratelli Ruspoli 2 \u2013 00198 Roma.<\/strong><\/p><p>Le copie per la categoria <strong>Migliore narrazione per immagini <\/strong>dovranno pervenire entro e non oltre il <strong>28 febbraio 2025<\/strong>.<\/p>\t\t\t\t\t\t\t\t<\/div>\n\t\t\t\t<div class=\"elementor-element elementor-element-6bb894e testo elementor-widget elementor-widget-text-editor\" data-id=\"6bb894e\" data-element_type=\"widget\" data-e-type=\"widget\" data-widget_type=\"text-editor.default\">\n\t\t\t\t\t\t\t\t\t<p><strong>6<\/strong><strong>) \u00a0<\/strong>Il Comitato scientifico del Premio \u00e8 coordinato dal presidente della Fondazione Maria e Goffredo Bellonci, <strong>Giovanni Solimine<\/strong>, ed \u00e8 composto da rappresentanti degli enti promotori e da personalit\u00e0 distintesi in vari ambiti della letteratura per ragazzi e della promozione della lettura (universit\u00e0, istituzioni scolastiche, editoria, biblioteche, librerie, associazioni culturali).<\/p>\t\t\t\t\t\t\t\t<\/div>\n\t\t\t\t<div class=\"elementor-element elementor-element-0b28945 testo elementor-widget elementor-widget-text-editor\" data-id=\"0b28945\" data-element_type=\"widget\" data-e-type=\"widget\" data-widget_type=\"text-editor.default\">\n\t\t\t\t\t\t\t\t\t<p><strong>7<\/strong><strong>) <\/strong>Il Comitato scientifico esaminer\u00e0 le opere candidate per la categoria <strong>Migliore narrazione per immagini<\/strong>, sceglier\u00e0 a suo insindacabile giudizio la terna finalista e successivamente decreter\u00e0 <strong>il libro vincitore <\/strong>nell\u2019ambito della <strong>Bologna Children\u2019s Book Fair<\/strong>. L\u2019Autore del libro premiato ricever\u00e0 un riconoscimento del valore di <strong>1.000 euro<\/strong>. \u00c8 previsto, inoltre, <strong>un riconoscimento di pari entit\u00e0 per l\u2019Illustratore<\/strong>, se diverso dall\u2019Autore. Entrambi i riconoscimenti sono erogati da <strong>BolognaFiere\/Bologna Children\u2019s Book Fair<\/strong>.<\/p>\t\t\t\t\t\t\t\t<\/div>\n\t\t\t\t<div class=\"elementor-element elementor-element-4ef5d9a testo elementor-widget elementor-widget-text-editor\" data-id=\"4ef5d9a\" data-element_type=\"widget\" data-e-type=\"widget\" data-widget_type=\"text-editor.default\">\n\t\t\t\t\t\t\t\t\t<p><strong>8<\/strong><strong>) <\/strong>Il Comitato scientifico esaminer\u00e0 le opere candidate per la categoria <strong>Migliore libro d\u2019esordio<\/strong>, sceglier\u00e0 a suo insindacabile giudizio la terna finalista e successivamente decreter\u00e0 <strong>il libro vincitore<\/strong>. L\u2019Autore del libro premiato verr\u00e0 proclamato nel mese di maggio e ricever\u00e0 un riconoscimento del valore di <strong>1.000 euro<\/strong> erogato da <strong>Strega Alberti Benevento<\/strong>. Nel caso in cui l\u2019opera selezionata sia in traduzione, \u00e8 previsto un <strong>riconoscimento di pari entit\u00e0 per il Traduttore<\/strong>, assegnato da <strong>BolognaFiere\/Bologna Children\u2019s Book Fair<\/strong>.<\/p>\t\t\t\t\t\t\t\t<\/div>\n\t\t\t\t<div class=\"elementor-element elementor-element-cf1c8d9 testo elementor-widget elementor-widget-text-editor\" data-id=\"cf1c8d9\" data-element_type=\"widget\" data-e-type=\"widget\" data-widget_type=\"text-editor.default\">\n\t\t\t\t\t\t\t\t\t<p><strong>9<\/strong><strong>) <\/strong>Il Comitato scientifico esaminer\u00e0 le opere candidate nelle <strong>tre categorie 6+, 8+ e 11+ <\/strong>e sceglier\u00e0 a suo insindacabile giudizio le tre <strong>terne finaliste<\/strong>, che verranno annunciate nel mese di <strong>maggio<\/strong>. Il Comitato pu\u00f2 avvalersi della facolt\u00e0 di modificare la categoria di concorso in cui i libri vengono candidati.<\/p><p>La giuria che determiner\u00e0 i libri vincitori nelle tre categorie di concorso sar\u00e0 composta da: studenti di numerose <strong>scuole primarie e secondarie di primo grado<\/strong>, distribuite sul territorio nazionale e all\u2019estero; <strong>gruppi di lettura <\/strong>composti da ragazze e ragazzi coordinati da biblioteche e istituzioni culturali italiane e straniere.<\/p>\t\t\t\t\t\t\t\t<\/div>\n\t\t\t\t<div class=\"elementor-element elementor-element-7e92f1e testo elementor-widget elementor-widget-text-editor\" data-id=\"7e92f1e\" data-element_type=\"widget\" data-e-type=\"widget\" data-widget_type=\"text-editor.default\">\n\t\t\t\t\t\t\t\t\t<p><strong>10<\/strong><strong>) <\/strong>I giurati delle <strong>categorie 6+ <\/strong>e <strong>8+ <\/strong>esprimeranno collettivamente il proprio voto, uno per ogni scuola, coordinati dai loro insegnanti. Nella <strong>categoria 11+ <\/strong>il voto sar\u00e0 invece espresso individualmente da ogni giurato.<\/p>\t\t\t\t\t\t\t\t<\/div>\n\t\t\t\t<div class=\"elementor-element elementor-element-8cd6137 testo elementor-widget elementor-widget-text-editor\" data-id=\"8cd6137\" data-element_type=\"widget\" data-e-type=\"widget\" data-widget_type=\"text-editor.default\">\n\t\t\t\t\t\t\t\t\t<p><strong>11<\/strong><strong>) <\/strong>Il riconoscimento di <strong>3.000 euro<\/strong>, erogato da <strong>Strega Alberti Benevento<\/strong> per le categorie di concorso 6+, 8+ e 11+, sar\u00e0 consegnato agli Autori premiati nell\u2019autunno 2025. In caso di parit\u00e0 di voti per il primo posto, il premio sar\u00e0 assegnato <em>ex aequo<\/em>. Nel caso in cui l\u2019opera pi\u00f9 votata nelle diverse categorie di concorso sia in traduzione, \u00e8 previsto un <strong>p<\/strong><strong>remio di pari entit\u00e0 per il Traduttore<\/strong>, assegnato da <strong>BolognaFiere\/Bologna Children\u2019s Book Fair<\/strong>.<\/p>\t\t\t\t\t\t\t\t<\/div>\n\t\t\t\t<div class=\"elementor-element elementor-element-365e8fd testo elementor-widget elementor-widget-text-editor\" data-id=\"365e8fd\" data-element_type=\"widget\" data-e-type=\"widget\" data-widget_type=\"text-editor.default\">\n\t\t\t\t\t\t\t\t\t<p>\u00a0<strong>12) <\/strong>Il conferimento dei riconoscimenti in denaro erogati in occasione del Premio Strega Ragazze e Ragazzi rappresenta il <strong>riconoscimento del merito personale<\/strong> degli Autori, Illustratori e Traduttori premiati e costituiscono un<strong> titolo d\u2019incoraggiamento nell\u2019interesse della collettivit\u00e0<\/strong>, pertanto non ricadono nelle previsioni di cui all\u2019articolo 30 del D.P.R. 600\/1973.<\/p>\t\t\t\t\t\t\t\t<\/div>\n\t\t\t\t<div class=\"elementor-element elementor-element-c0401a9 testo elementor-widget elementor-widget-text-editor\" data-id=\"c0401a9\" data-element_type=\"widget\" data-e-type=\"widget\" data-widget_type=\"text-editor.default\">\n\t\t\t\t\t\t\t\t\t<p><strong>13<\/strong><strong>) <\/strong>La partecipazione dei libri finalisti al concorso \u00e8 condizionata <strong>all\u2019invio gratuito dei libri <\/strong>da destinare alle giurie da parte degli editori, per un massimo di <strong>150 copie <\/strong>per titolo. Sar\u00e0 cura della segreteria del premio fornire indicazioni circa le modalit\u00e0 e i tempi della spedizione.<\/p>\t\t\t\t\t\t\t\t<\/div>\n\t\t\t\t<div class=\"elementor-element elementor-element-b9122f3 testo elementor-widget elementor-widget-text-editor\" data-id=\"b9122f3\" data-element_type=\"widget\" data-e-type=\"widget\" data-widget_type=\"text-editor.default\">\n\t\t\t\t\t\t\t\t\t<p><strong>14)<\/strong> L\u2019inclusione tra i finalisti comporta la <strong>partecipazione degli Autori <\/strong>alle cerimonie di premiazione e ad altre eventuali iniziative di presentazione delle opere. La mancata osservanza degli impegni sottoscritti e delle scadenze prefissate comporter\u00e0 l\u2019esclusione dal concorso.<\/p>\t\t\t\t\t\t\t\t<\/div>\n\t\t\t\t<div class=\"elementor-element elementor-element-a8d9c73 testo elementor-widget elementor-widget-text-editor\" data-id=\"a8d9c73\" data-element_type=\"widget\" data-e-type=\"widget\" data-widget_type=\"text-editor.default\">\n\t\t\t\t\t\t\t\t\t<p><strong>Fondazione Maria e Goffredo Bellonci<\/strong><\/p><p><strong><br \/><\/strong>Via F.lli Ruspoli 2, 00198 Roma<br \/>E-mail <a href=\"mailto:info@fondazionebellonci.it\">info@fondazionebellonci.it<\/a><\/p>\t\t\t\t\t\t\t\t<\/div>\n\t\t\t\t\t<\/div>\n\t\t<\/div>\n\t\t\t\t\t<\/div>\n\t\t<\/section>\n\t\t\t\t<\/div>\n\t\t","protected":false},"excerpt":{"rendered":"<p>Premio Strega Ragazze e Ragazzi. Bando della decima edizione 1) Il Comitato promotore \u2013 composto da Fondazione Maria e Goffredo Bellonci, Strega Alberti Benevento SpA, Centro per il libro e la lettura e BolognaFiere SpA \u2013 bandisce la decima edizione del concorso letterario Premio Strega Ragazze e Ragazzi. 2) Sono istituite le seguenti categorie di [&hellip;]<\/p>\n","protected":false},"author":1,"featured_media":18023,"parent":0,"menu_order":0,"comment_status":"closed","ping_status":"closed","template":"","meta":{"footnotes":""},"class_list":["post-824","page","type-page","status-publish","has-post-thumbnail","hentry"],"_links":{"self":[{"href":"https:\/\/www.premiostrega.it\/PSR\/wp-json\/wp\/v2\/pages\/824","targetHints":{"allow":["GET"]}}],"collection":[{"href":"https:\/\/www.premiostrega.it\/PSR\/wp-json\/wp\/v2\/pages"}],"about":[{"href":"https:\/\/www.premiostrega.it\/PSR\/wp-json\/wp\/v2\/types\/page"}],"author":[{"embeddable":true,"href":"https:\/\/www.premiostrega.it\/PSR\/wp-json\/wp\/v2\/users\/1"}],"replies":[{"embeddable":true,"href":"https:\/\/www.premiostrega.it\/PSR\/wp-json\/wp\/v2\/comments?post=824"}],"version-history":[{"count":110,"href":"https:\/\/www.premiostrega.it\/PSR\/wp-json\/wp\/v2\/pages\/824\/revisions"}],"predecessor-version":[{"id":24800,"href":"https:\/\/www.premiostrega.it\/PSR\/wp-json\/wp\/v2\/pages\/824\/revisions\/24800"}],"wp:featuredmedia":[{"embeddable":true,"href":"https:\/\/www.premiostrega.it\/PSR\/wp-json\/wp\/v2\/media\/18023"}],"wp:attachment":[{"href":"https:\/\/www.premiostrega.it\/PSR\/wp-json\/wp\/v2\/media?parent=824"}],"curies":[{"name":"wp","href":"https:\/\/api.w.org\/{rel}","templated":true}]}}